{"id":3176,"date":"2024-04-30T18:43:17","date_gmt":"2024-04-30T17:43:17","guid":{"rendered":"http:\/\/packs-center.net\/avis-legal\/"},"modified":"2025-01-23T17:41:53","modified_gmt":"2025-01-23T16:41:53","slug":"aviso-legal","status":"publish","type":"page","link":"https:\/\/packs-center.net\/es\/aviso-legal\/","title":{"rendered":"Aviso legal"},"content":{"rendered":"<div class=\"wpb-content-wrapper\"><p>[vc_row][vc_column width=\u00bb1\/6&#8243;][\/vc_column][vc_column width=\u00bb2\/3&#8243; css=\u00bb.vc_custom_1678797211867{margin-top: 20px !important;margin-bottom: 20px !important;}\u00bb]<div id=\"ultimate-heading-608969f73cf348a59\" class=\"uvc-heading ult-adjust-bottom-margin ultimate-heading-608969f73cf348a59 uvc-2847 accent-border-color\" data-hspacer=\"line_only\"  data-halign=\"center\" style=\"text-align:center\"><div class=\"uvc-main-heading ult-responsive\"  data-ultimate-target='.uvc-heading.ultimate-heading-608969f73cf348a59 h2'  data-responsive-json-new='{\"font-size\":\"desktop:26px;\",\"line-height\":\"desktop:36px;\"}' ><h2 style=\"--font-weight:theme;margin-bottom:10px;\">AVISO LEGAL<\/h2><\/div><div class=\"uvc-heading-spacer line_only\" style=\"margin-bottom:30px;height:3px;\"><span class=\"uvc-headings-line\" style=\"border-style:solid;border-bottom-width:3px;border-color:#ccc;width:80px;\"><\/span><\/div><div class=\"uvc-sub-heading ult-responsive\"  data-ultimate-target='.uvc-heading.ultimate-heading-608969f73cf348a59 .uvc-sub-heading '  data-responsive-json-new='{\"font-size\":\"\",\"line-height\":\"desktop:28px;\"}'  style=\"font-weight:normal;\"><\/p>\n<p class=\"p1\" style=\"text-align: center;\">En cumplimiento con el deber de informaci\u00f3n recogido en el art\u00edculo 10 de la Ley 34\/2002, de 11 de Julio, de Servicios de la Informaci\u00f3n y del Comercio Electr\u00f3nico, le informamos que el sitio web y el portal de Internet www.packs-center.net (en adelante, la \u00abWeb\u00bb) es titularidad de OSNET 05, S.L., con domicilio en Calle de la T\u00e9cnica, N\u00ba 16 17178 \u2013 Les Preses (Girona) con CIF B55351209 inscrita en el Registro Mercantil de Girona T 3254, F 79, S 8, H GI 65609. El presente aviso legal regula las condiciones de uso del citado portal de Internet.<\/p>\n<p><\/div><\/div>[\/vc_column][vc_column width=\u00bb1\/6&#8243;][\/vc_column][\/vc_row][vc_row][vc_column][vc_separator color=\u00bbcustom\u00bb border_width=\u00bb3&#8243; css=\u00bb\u00bb accent_color=\u00bb#0021e2&#8243;][\/vc_column][\/vc_row][vc_row type=\u00bbvc_default\u00bb equal_height=\u00bbyes\u00bb content_placement=\u00bbtop\u00bb css=\u00bb.vc_custom_1714491168278{margin-top: 0px !important;margin-right: 0px !important;margin-bottom: 0px !important;margin-left: 0px !important;border-top-width: 2px !important;border-right-width: 2px !important;border-bottom-width: 2px !important;border-left-width: 2px !important;padding-top: 0px !important;padding-right: 0px !important;padding-bottom: 0px !important;padding-left: 0px !important;}\u00bb][vc_column width=\u00bb1\/4&#8243; offset=\u00bbvc_col-lg-6 vc_col-md-6 vc_col-xs-12&#8243; css=\u00bb.vc_custom_1714490744414{margin-bottom: 0px !important;border-right-width: 0px !important;border-bottom-width: 0px !important;padding-top: 30px !important;padding-right: 30px !important;padding-bottom: 0px !important;padding-left: 30px !important;}\u00bb]<div id=\"ultimate-heading-4769f73cf348ae8\" class=\"uvc-heading ult-adjust-bottom-margin ultimate-heading-4769f73cf348ae8 uvc-3185 accent-border-color\" data-hspacer=\"line_only\"  data-halign=\"left\" style=\"text-align:left\"><div class=\"uvc-main-heading ult-responsive\"  data-ultimate-target='.uvc-heading.ultimate-heading-4769f73cf348ae8 h2'  data-responsive-json-new='{\"font-size\":\"desktop:26px;\",\"line-height\":\"desktop:36px;\"}' ><h2 style=\"--font-weight:theme;margin-bottom:10px;\">LEY APLICABLE Y JURISDICCI\u00d3N<\/h2><\/div><div class=\"uvc-heading-spacer line_only\" style=\"margin-bottom:30px;height:3px;\"><span class=\"uvc-headings-line\" style=\"border-style:solid;border-bottom-width:3px;border-color:#ccc;width:80px;\"><\/span><\/div><\/div>[\/vc_column][vc_column width=\u00bb3\/4&#8243; offset=\u00bbvc_col-lg-6 vc_col-md-6 vc_col-xs-12&#8243; css=\u00bb.vc_custom_1714490750661{margin-bottom: 0px !important;border-top-width: 0px !important;border-bottom-width: 0px !important;padding-top: 30px !important;padding-right: 30px !important;padding-bottom: 0px !important;padding-left: 30px !important;}\u00bb][vc_column_text css=\u00bb\u00bb]Con car\u00e1cter general, las relaciones entre OSNET 05, S.L. y los usuarios de los servicios telem\u00e1ticos, presentes en la Web, est\u00e1n sometidas a la legislaci\u00f3n y jurisdicci\u00f3n espa\u00f1olas.<\/p>\n<p>Las partes renuncian expresamente al fuero que les pueda corresponder y someten expresamente a los Juzgados y Tribunales de Olot para resolver cualquier controversia que pueda surgir en la interpretaci\u00f3n o ejecuci\u00f3n de las presentes condiciones contractuales.[\/vc_column_text][vc_separator color=\u00bbcustom\u00bb border_width=\u00bb3&#8243; css=\u00bb\u00bb accent_color=\u00bb#0021e2&#8243;][\/vc_column][\/vc_row][vc_row type=\u00bbvc_default\u00bb equal_height=\u00bbyes\u00bb content_placement=\u00bbtop\u00bb css=\u00bb.vc_custom_1714491168278{margin-top: 0px !important;margin-right: 0px !important;margin-bottom: 0px !important;margin-left: 0px !important;border-top-width: 2px !important;border-right-width: 2px !important;border-bottom-width: 2px !important;border-left-width: 2px !important;padding-top: 0px !important;padding-right: 0px !important;padding-bottom: 0px !important;padding-left: 0px !important;}\u00bb][vc_column width=\u00bb1\/4&#8243; offset=\u00bbvc_col-lg-6 vc_col-md-6 vc_col-xs-12&#8243; css=\u00bb.vc_custom_1714490744414{margin-bottom: 0px !important;border-right-width: 0px !important;border-bottom-width: 0px !important;padding-top: 30px !important;padding-right: 30px !important;padding-bottom: 0px !important;padding-left: 30px !important;}\u00bb]<div id=\"ultimate-heading-700169f73cf348b3d\" class=\"uvc-heading ult-adjust-bottom-margin ultimate-heading-700169f73cf348b3d uvc-8583 accent-border-color\" data-hspacer=\"line_only\"  data-halign=\"left\" style=\"text-align:left\"><div class=\"uvc-main-heading ult-responsive\"  data-ultimate-target='.uvc-heading.ultimate-heading-700169f73cf348b3d h2'  data-responsive-json-new='{\"font-size\":\"desktop:26px;\",\"line-height\":\"desktop:36px;\"}' ><h2 style=\"--font-weight:theme;margin-bottom:10px;\">ACEPTACI\u00d3N DEL USUARIO<\/h2><\/div><div class=\"uvc-heading-spacer line_only\" style=\"margin-bottom:30px;height:3px;\"><span class=\"uvc-headings-line\" style=\"border-style:solid;border-bottom-width:3px;border-color:#ccc;width:80px;\"><\/span><\/div><\/div>[\/vc_column][vc_column width=\u00bb3\/4&#8243; offset=\u00bbvc_col-lg-6 vc_col-md-6 vc_col-xs-12&#8243; css=\u00bb.vc_custom_1714490750661{margin-bottom: 0px !important;border-top-width: 0px !important;border-bottom-width: 0px !important;padding-top: 30px !important;padding-right: 30px !important;padding-bottom: 0px !important;padding-left: 30px !important;}\u00bb][vc_column_text css=\u00bb\u00bb]Este Aviso Legal regula el acceso y utilizaci\u00f3n de la p\u00e1gina web que OSNET 05, S.L. pone a disposici\u00f3n de los usuarios de Internet. Se considera usuario a la persona que acceda, navegue, utilice o participe en los servicios y actividades de la p\u00e1gina web.<br \/>\nEl usuario queda informado, y acepta, que el acceso a la presente web no supone, en modo alguno, el inicio de una relaci\u00f3n comercial con OSNET 05, S.L.<br \/>\nEl acceso y navegaci\u00f3n en el sitio web por parte del usuario supone la aceptaci\u00f3n de la totalidad de las presentes Condiciones de Uso. En caso de desacuerdo con las condiciones debe abstenerse a usar el sitio web.[\/vc_column_text][vc_separator color=\u00bbcustom\u00bb border_width=\u00bb3&#8243; css=\u00bb\u00bb accent_color=\u00bb#0021e2&#8243;][\/vc_column][\/vc_row][vc_row type=\u00bbvc_default\u00bb equal_height=\u00bbyes\u00bb content_placement=\u00bbtop\u00bb css=\u00bb.vc_custom_1714491168278{margin-top: 0px !important;margin-right: 0px !important;margin-bottom: 0px !important;margin-left: 0px !important;border-top-width: 2px !important;border-right-width: 2px !important;border-bottom-width: 2px !important;border-left-width: 2px !important;padding-top: 0px !important;padding-right: 0px !important;padding-bottom: 0px !important;padding-left: 0px !important;}\u00bb][vc_column width=\u00bb1\/4&#8243; offset=\u00bbvc_col-lg-6 vc_col-md-6 vc_col-xs-12&#8243; css=\u00bb.vc_custom_1714490744414{margin-bottom: 0px !important;border-right-width: 0px !important;border-bottom-width: 0px !important;padding-top: 30px !important;padding-right: 30px !important;padding-bottom: 0px !important;padding-left: 30px !important;}\u00bb]<div id=\"ultimate-heading-273669f73cf348bad\" class=\"uvc-heading ult-adjust-bottom-margin ultimate-heading-273669f73cf348bad uvc-4229 accent-border-color\" data-hspacer=\"line_only\"  data-halign=\"left\" style=\"text-align:left\"><div class=\"uvc-main-heading ult-responsive\"  data-ultimate-target='.uvc-heading.ultimate-heading-273669f73cf348bad h2'  data-responsive-json-new='{\"font-size\":\"desktop:26px;\",\"line-height\":\"desktop:36px;\"}' ><h2 style=\"--font-weight:theme;margin-bottom:10px;\">ACCESO A LA WEB<\/h2><\/div><div class=\"uvc-heading-spacer line_only\" style=\"margin-bottom:30px;height:3px;\"><span class=\"uvc-headings-line\" style=\"border-style:solid;border-bottom-width:3px;border-color:#ccc;width:80px;\"><\/span><\/div><\/div>[\/vc_column][vc_column width=\u00bb3\/4&#8243; offset=\u00bbvc_col-lg-6 vc_col-md-6 vc_col-xs-12&#8243; css=\u00bb.vc_custom_1714490750661{margin-bottom: 0px !important;border-top-width: 0px !important;border-bottom-width: 0px !important;padding-top: 30px !important;padding-right: 30px !important;padding-bottom: 0px !important;padding-left: 30px !important;}\u00bb][vc_column_text css=\u00bb\u00bb]El acceso a la p\u00e1gina web por parte de los usuarios es de car\u00e1cter libre y gratuito. Algunos servicios pueden estar sujetos a contrataci\u00f3n previa del servicio.<br \/>\nEn caso de ser necesario que el usuario aporte datos personales para acceder a alguno de los servicios, la recogida y tratamiento de los datos se realizar\u00e1 de conformidad con la normativa vigente, en concreto con el RGPD. Para m\u00e1s informaci\u00f3n, consulte nuestra pol\u00edtica de privacidad[\/vc_column_text][vc_separator color=\u00bbcustom\u00bb border_width=\u00bb3&#8243; css=\u00bb\u00bb accent_color=\u00bb#0021e2&#8243;][\/vc_column][\/vc_row][vc_row type=\u00bbvc_default\u00bb equal_height=\u00bbyes\u00bb content_placement=\u00bbtop\u00bb css=\u00bb.vc_custom_1714491168278{margin-top: 0px !important;margin-right: 0px !important;margin-bottom: 0px !important;margin-left: 0px !important;border-top-width: 2px !important;border-right-width: 2px !important;border-bottom-width: 2px !important;border-left-width: 2px !important;padding-top: 0px !important;padding-right: 0px !important;padding-bottom: 0px !important;padding-left: 0px !important;}\u00bb][vc_column width=\u00bb1\/4&#8243; offset=\u00bbvc_col-lg-6 vc_col-md-6 vc_col-xs-12&#8243; css=\u00bb.vc_custom_1714490744414{margin-bottom: 0px !important;border-right-width: 0px !important;border-bottom-width: 0px !important;padding-top: 30px !important;padding-right: 30px !important;padding-bottom: 0px !important;padding-left: 30px !important;}\u00bb]<div id=\"ultimate-heading-324369f73cf348bfb\" class=\"uvc-heading ult-adjust-bottom-margin ultimate-heading-324369f73cf348bfb uvc-6015 accent-border-color\" data-hspacer=\"line_only\"  data-halign=\"left\" style=\"text-align:left\"><div class=\"uvc-main-heading ult-responsive\"  data-ultimate-target='.uvc-heading.ultimate-heading-324369f73cf348bfb h2'  data-responsive-json-new='{\"font-size\":\"desktop:26px;\",\"line-height\":\"desktop:36px;\"}' ><h2 style=\"--font-weight:theme;margin-bottom:10px;\">CONTENIDO Y USO<\/h2><\/div><div class=\"uvc-heading-spacer line_only\" style=\"margin-bottom:30px;height:3px;\"><span class=\"uvc-headings-line\" style=\"border-style:solid;border-bottom-width:3px;border-color:#ccc;width:80px;\"><\/span><\/div><\/div>[\/vc_column][vc_column width=\u00bb3\/4&#8243; offset=\u00bbvc_col-lg-6 vc_col-md-6 vc_col-xs-12&#8243; css=\u00bb.vc_custom_1714490750661{margin-bottom: 0px !important;border-top-width: 0px !important;border-bottom-width: 0px !important;padding-top: 30px !important;padding-right: 30px !important;padding-bottom: 0px !important;padding-left: 30px !important;}\u00bb][vc_column_text css=\u00bb\u00bb]La visita al sitio web por parte del usuario deber\u00e1 realizarse de forma responsable y de conformidad a la legalidad vigente, la buena fe, el presente Aviso Legal y respetando los derechos de propiedad intelectual e industrial de titularidad de Isaac Real Fraile o cualquier otra persona f\u00edsica o jur\u00eddica.<br \/>\nEl uso de cualquiera de los contenidos del sitio web con finalidades que sean o pudieran ser il\u00edcitas queda totalmente prohibido, as\u00ed como la realizaci\u00f3n de cualquier acci\u00f3n que cause o pueda causar da\u00f1os o alteraciones de cualquier tipo no consentidas por OSNET 05, S.L., en el sitio web o en sus contenidos.[\/vc_column_text][vc_separator color=\u00bbcustom\u00bb border_width=\u00bb3&#8243; css=\u00bb\u00bb accent_color=\u00bb#0021e2&#8243;][\/vc_column][\/vc_row]<\/p>\n<\/div>","protected":false},"excerpt":{"rendered":"<p>[vc_row][vc_column width=\u00bb1\/6&#8243;][\/vc_column][vc_column width=\u00bb2\/3&#8243; css=\u00bb.vc_custom_1678797211867{margin-top: 20px !important;margin-bottom: 20px !important;}\u00bb][\/vc_column][vc_column width=\u00bb1\/6&#8243;][\/vc_column][\/vc_row][vc_row][vc_column][vc_separator color=\u00bbcustom\u00bb border_width=\u00bb3&#8243; css=\u00bb\u00bb accent_color=\u00bb#0021e2&#8243;][\/vc_column][\/vc_row][vc_row type=\u00bbvc_default\u00bb equal_height=\u00bbyes\u00bb content_placement=\u00bbtop\u00bb css=\u00bb.vc_custom_1714491168278{margin-top: 0px !important;margin-right: 0px !important;margin-bottom: 0px !important;margin-left: 0px !important;border-top-width: 2px !important;border-right-width: 2px !important;border-bottom-width: 2px !important;border-left-width: 2px !important;padding-top: 0px !important;padding-right: 0px !important;padding-bottom: 0px !important;padding-left: 0px !important;}\u00bb][vc_column width=\u00bb1\/4&#8243; offset=\u00bbvc_col-lg-6 vc_col-md-6 vc_col-xs-12&#8243; css=\u00bb.vc_custom_1714490744414{margin-bottom: 0px !important;border-right-width: 0px !important;border-bottom-width: 0px !important;padding-top: 30px !important;padding-right: 30px&hellip;<\/p>\n","protected":false},"author":2,"featured_media":0,"parent":0,"menu_order":0,"comment_status":"closed","ping_status":"closed","template":"","meta":{"inline_featured_image":false,"footnotes":""},"class_list":["post-3176","page","type-page","status-publish","hentry","description-off"],"yoast_head":"<!-- This site is optimized with the Yoast SEO plugin v23.0 - https:\/\/yoast.com\/wordpress\/plugins\/seo\/ -->\n<title>Aviso legal - Packs Center<\/title>\n<meta name=\"description\" content=\"Packs Center - packing profesional para empresas. Empaquetado y embalaje + Flow Packing completo + almacenaje y env\u00edos. Catalu\u00f1a\" \/>\n<meta name=\"robots\" content=\"index, follow, max-snippet:-1, max-image-preview:large, max-video-preview:-1\" \/>\n<link rel=\"canonical\" href=\"https:\/\/packs-center.net\/es\/aviso-legal\/\" \/>\n<meta property=\"og:locale\" content=\"es_ES\" \/>\n<meta property=\"og:type\" content=\"article\" \/>\n<meta property=\"og:title\" content=\"Aviso legal - Packs Center\" \/>\n<meta property=\"og:description\" content=\"Packs Center - packing profesional para empresas. Empaquetado y embalaje + Flow Packing completo + almacenaje y env\u00edos. Catalu\u00f1a\" \/>\n<meta property=\"og:url\" content=\"https:\/\/packs-center.net\/es\/aviso-legal\/\" \/>\n<meta property=\"og:site_name\" content=\"Packs Center\" \/>\n<meta property=\"article:modified_time\" content=\"2025-01-23T16:41:53+00:00\" \/>\n<meta name=\"twitter:card\" content=\"summary_large_image\" \/>\n<meta name=\"twitter:label1\" content=\"Tiempo de lectura\" \/>\n\t<meta name=\"twitter:data1\" content=\"7 minutos\" \/>\n<script type=\"application\/ld+json\" class=\"yoast-schema-graph\">{\"@context\":\"https:\/\/schema.org\",\"@graph\":[{\"@type\":\"WebPage\",\"@id\":\"https:\/\/packs-center.net\/es\/aviso-legal\/\",\"url\":\"https:\/\/packs-center.net\/es\/aviso-legal\/\",\"name\":\"Aviso legal - Packs Center\",\"isPartOf\":{\"@id\":\"https:\/\/packs-center.net\/es\/#website\"},\"datePublished\":\"2024-04-30T17:43:17+00:00\",\"dateModified\":\"2025-01-23T16:41:53+00:00\",\"description\":\"Packs Center - packing profesional para empresas. Empaquetado y embalaje + Flow Packing completo + almacenaje y env\u00edos. Catalu\u00f1a\",\"breadcrumb\":{\"@id\":\"https:\/\/packs-center.net\/es\/aviso-legal\/#breadcrumb\"},\"inLanguage\":\"es\",\"potentialAction\":[{\"@type\":\"ReadAction\",\"target\":[\"https:\/\/packs-center.net\/es\/aviso-legal\/\"]}]},{\"@type\":\"BreadcrumbList\",\"@id\":\"https:\/\/packs-center.net\/es\/aviso-legal\/#breadcrumb\",\"itemListElement\":[{\"@type\":\"ListItem\",\"position\":1,\"name\":\"Inicio\",\"item\":\"https:\/\/packs-center.net\/es\/\"},{\"@type\":\"ListItem\",\"position\":2,\"name\":\"Aviso legal\"}]},{\"@type\":\"WebSite\",\"@id\":\"https:\/\/packs-center.net\/es\/#website\",\"url\":\"https:\/\/packs-center.net\/es\/\",\"name\":\"Packs Center\",\"description\":\"Packing profesional para empresas\",\"publisher\":{\"@id\":\"https:\/\/packs-center.net\/es\/#organization\"},\"potentialAction\":[{\"@type\":\"SearchAction\",\"target\":{\"@type\":\"EntryPoint\",\"urlTemplate\":\"https:\/\/packs-center.net\/es\/?s={search_term_string}\"},\"query-input\":\"required name=search_term_string\"}],\"inLanguage\":\"es\"},{\"@type\":\"Organization\",\"@id\":\"https:\/\/packs-center.net\/es\/#organization\",\"name\":\"packs center\",\"url\":\"https:\/\/packs-center.net\/es\/\",\"logo\":{\"@type\":\"ImageObject\",\"inLanguage\":\"es\",\"@id\":\"https:\/\/packs-center.net\/es\/#\/schema\/logo\/image\/\",\"url\":\"http:\/\/packs-center.net\/wp-content\/uploads\/packs.center@mo1.png\",\"contentUrl\":\"http:\/\/packs-center.net\/wp-content\/uploads\/packs.center@mo1.png\",\"width\":133,\"height\":40,\"caption\":\"packs center\"},\"image\":{\"@id\":\"https:\/\/packs-center.net\/es\/#\/schema\/logo\/image\/\"}}]}<\/script>\n<!-- \/ Yoast SEO plugin. -->","yoast_head_json":{"title":"Aviso legal - Packs Center","description":"Packs Center - packing profesional para empresas. Empaquetado y embalaje + Flow Packing completo + almacenaje y env\u00edos. Catalu\u00f1a","robots":{"index":"index","follow":"follow","max-snippet":"max-snippet:-1","max-image-preview":"max-image-preview:large","max-video-preview":"max-video-preview:-1"},"canonical":"https:\/\/packs-center.net\/es\/aviso-legal\/","og_locale":"es_ES","og_type":"article","og_title":"Aviso legal - Packs Center","og_description":"Packs Center - packing profesional para empresas. Empaquetado y embalaje + Flow Packing completo + almacenaje y env\u00edos. Catalu\u00f1a","og_url":"https:\/\/packs-center.net\/es\/aviso-legal\/","og_site_name":"Packs Center","article_modified_time":"2025-01-23T16:41:53+00:00","twitter_card":"summary_large_image","twitter_misc":{"Tiempo de lectura":"7 minutos"},"schema":{"@context":"https:\/\/schema.org","@graph":[{"@type":"WebPage","@id":"https:\/\/packs-center.net\/es\/aviso-legal\/","url":"https:\/\/packs-center.net\/es\/aviso-legal\/","name":"Aviso legal - Packs Center","isPartOf":{"@id":"https:\/\/packs-center.net\/es\/#website"},"datePublished":"2024-04-30T17:43:17+00:00","dateModified":"2025-01-23T16:41:53+00:00","description":"Packs Center - packing profesional para empresas. Empaquetado y embalaje + Flow Packing completo + almacenaje y env\u00edos. Catalu\u00f1a","breadcrumb":{"@id":"https:\/\/packs-center.net\/es\/aviso-legal\/#breadcrumb"},"inLanguage":"es","potentialAction":[{"@type":"ReadAction","target":["https:\/\/packs-center.net\/es\/aviso-legal\/"]}]},{"@type":"BreadcrumbList","@id":"https:\/\/packs-center.net\/es\/aviso-legal\/#breadcrumb","itemListElement":[{"@type":"ListItem","position":1,"name":"Inicio","item":"https:\/\/packs-center.net\/es\/"},{"@type":"ListItem","position":2,"name":"Aviso legal"}]},{"@type":"WebSite","@id":"https:\/\/packs-center.net\/es\/#website","url":"https:\/\/packs-center.net\/es\/","name":"Packs Center","description":"Packing profesional para empresas","publisher":{"@id":"https:\/\/packs-center.net\/es\/#organization"},"potentialAction":[{"@type":"SearchAction","target":{"@type":"EntryPoint","urlTemplate":"https:\/\/packs-center.net\/es\/?s={search_term_string}"},"query-input":"required name=search_term_string"}],"inLanguage":"es"},{"@type":"Organization","@id":"https:\/\/packs-center.net\/es\/#organization","name":"packs center","url":"https:\/\/packs-center.net\/es\/","logo":{"@type":"ImageObject","inLanguage":"es","@id":"https:\/\/packs-center.net\/es\/#\/schema\/logo\/image\/","url":"http:\/\/packs-center.net\/wp-content\/uploads\/packs.center@mo1.png","contentUrl":"http:\/\/packs-center.net\/wp-content\/uploads\/packs.center@mo1.png","width":133,"height":40,"caption":"packs center"},"image":{"@id":"https:\/\/packs-center.net\/es\/#\/schema\/logo\/image\/"}}]}},"_links":{"self":[{"href":"https:\/\/packs-center.net\/es\/wp-json\/wp\/v2\/pages\/3176","targetHints":{"allow":["GET"]}}],"collection":[{"href":"https:\/\/packs-center.net\/es\/wp-json\/wp\/v2\/pages"}],"about":[{"href":"https:\/\/packs-center.net\/es\/wp-json\/wp\/v2\/types\/page"}],"author":[{"embeddable":true,"href":"https:\/\/packs-center.net\/es\/wp-json\/wp\/v2\/users\/2"}],"replies":[{"embeddable":true,"href":"https:\/\/packs-center.net\/es\/wp-json\/wp\/v2\/comments?post=3176"}],"version-history":[{"count":3,"href":"https:\/\/packs-center.net\/es\/wp-json\/wp\/v2\/pages\/3176\/revisions"}],"predecessor-version":[{"id":3224,"href":"https:\/\/packs-center.net\/es\/wp-json\/wp\/v2\/pages\/3176\/revisions\/3224"}],"wp:attachment":[{"href":"https:\/\/packs-center.net\/es\/wp-json\/wp\/v2\/media?parent=3176"}],"curies":[{"name":"wp","href":"https:\/\/api.w.org\/{rel}","templated":true}]}}