{"id":3185,"date":"2024-04-30T21:25:51","date_gmt":"2024-04-30T20:25:51","guid":{"rendered":"http:\/\/packs-center.net\/politica-de-privacitat\/"},"modified":"2025-01-02T18:55:17","modified_gmt":"2025-01-02T17:55:17","slug":"politica-de-privacidad","status":"publish","type":"page","link":"https:\/\/packs-center.net\/es\/politica-de-privacidad\/","title":{"rendered":"Pol\u00edtica de privacidad"},"content":{"rendered":"<div class=\"wpb-content-wrapper\"><p>[vc_row][vc_column width=\u00bb1\/6&#8243;][\/vc_column][vc_column width=\u00bb2\/3&#8243; css=\u00bb.vc_custom_1678797211867{margin-top: 20px !important;margin-bottom: 20px !important;}\u00bb]<div id=\"ultimate-heading-24869f74d2667175\" class=\"uvc-heading ult-adjust-bottom-margin ultimate-heading-24869f74d2667175 uvc-771 accent-border-color\" data-hspacer=\"line_only\"  data-halign=\"center\" style=\"text-align:center\"><div class=\"uvc-main-heading ult-responsive\"  data-ultimate-target='.uvc-heading.ultimate-heading-24869f74d2667175 h2'  data-responsive-json-new='{\"font-size\":\"desktop:26px;\",\"line-height\":\"desktop:36px;\"}' ><h2 style=\"--font-weight:theme;margin-bottom:10px;\">POL\u00cdTICA DE PRIVACIDAD<\/h2><\/div><div class=\"uvc-heading-spacer line_only\" style=\"margin-bottom:30px;height:3px;\"><span class=\"uvc-headings-line\" style=\"border-style:solid;border-bottom-width:3px;border-color:#ccc;width:80px;\"><\/span><\/div><\/div>[\/vc_column][vc_column width=\u00bb1\/6&#8243;][\/vc_column][\/vc_row][vc_row type=\u00bbvc_default\u00bb equal_height=\u00bbyes\u00bb content_placement=\u00bbtop\u00bb css=\u00bb.vc_custom_1714491168278{margin-top: 0px !important;margin-right: 0px !important;margin-bottom: 0px !important;margin-left: 0px !important;border-top-width: 2px !important;border-right-width: 2px !important;border-bottom-width: 2px !important;border-left-width: 2px !important;padding-top: 0px !important;padding-right: 0px !important;padding-bottom: 0px !important;padding-left: 0px !important;}\u00bb][vc_column width=\u00bb1\/4&#8243; offset=\u00bbvc_col-lg-6 vc_col-md-6 vc_col-xs-12&#8243; css=\u00bb.vc_custom_1714490744414{margin-bottom: 0px !important;border-right-width: 0px !important;border-bottom-width: 0px !important;padding-top: 30px !important;padding-right: 30px !important;padding-bottom: 0px !important;padding-left: 30px !important;}\u00bb]<div id=\"ultimate-heading-257369f74d2667218\" class=\"uvc-heading ult-adjust-bottom-margin ultimate-heading-257369f74d2667218 uvc-3571 accent-border-color\" data-hspacer=\"line_only\"  data-halign=\"left\" style=\"text-align:left\"><div class=\"uvc-main-heading ult-responsive\"  data-ultimate-target='.uvc-heading.ultimate-heading-257369f74d2667218 h2'  data-responsive-json-new='{\"font-size\":\"desktop:26px;\",\"line-height\":\"desktop:36px;\"}' ><h2 style=\"--font-weight:theme;margin-bottom:10px;\">INFORMACI\u00d3N B\u00c1SICA SOBRE PROTECCI\u00d3N DE DATOS<\/h2><\/div><div class=\"uvc-heading-spacer line_only\" style=\"margin-bottom:30px;height:3px;\"><span class=\"uvc-headings-line\" style=\"border-style:solid;border-bottom-width:3px;border-color:#ccc;width:80px;\"><\/span><\/div><\/div>[\/vc_column][vc_column width=\u00bb3\/4&#8243; offset=\u00bbvc_col-lg-6 vc_col-md-6 vc_col-xs-12&#8243; css=\u00bb.vc_custom_1714490750661{margin-bottom: 0px !important;border-top-width: 0px !important;border-bottom-width: 0px !important;padding-top: 30px !important;padding-right: 30px !important;padding-bottom: 0px !important;padding-left: 30px !important;}\u00bb][vc_column_text css=\u00bb\u00bb]<strong>Responsable:<\/strong> OSNET 05, SL<\/p>\n<p><strong>Finalidad:<\/strong>\u00a0Prestaci\u00f3n de servicios online, gesti\u00f3n de usuarios web y comunicaciones comerciales relacionadas con nuestros servicios.<\/p>\n<p><strong>Legitimaci\u00f3n:<\/strong> Consentimiento expreso e inter\u00e9s leg\u00edtimo.<\/p>\n<p><strong>Destinatario:<\/strong> No se ceden datos a terceros, salvo obligaci\u00f3n legal.<\/p>\n<p><strong>Derechos:\u00a0<\/strong>Acceder, rectificar y suprimir los datos, as\u00ed como otros derechos, como se explica en la informaci\u00f3n adicional.<\/p>\n<p><strong>Informaci\u00f3n adicional:<\/strong> Puede consultar la informaci\u00f3n adicional y detallada sobre Protecci\u00f3n de Datos en las cl\u00e1usulas anexas que se encuentran en <a href=\"http:\/\/packs-center.net\">www.packs-center.net<\/a>[\/vc_column_text][\/vc_column][\/vc_row][vc_row][vc_column][vc_separator color=\u00bbcustom\u00bb border_width=\u00bb3&#8243; css=\u00bb\u00bb accent_color=\u00bb#0021e2&#8243;][\/vc_column][\/vc_row][vc_row type=\u00bbvc_default\u00bb equal_height=\u00bbyes\u00bb content_placement=\u00bbtop\u00bb css=\u00bb.vc_custom_1714491168278{margin-top: 0px !important;margin-right: 0px !important;margin-bottom: 0px !important;margin-left: 0px !important;border-top-width: 2px !important;border-right-width: 2px !important;border-bottom-width: 2px !important;border-left-width: 2px !important;padding-top: 0px !important;padding-right: 0px !important;padding-bottom: 0px !important;padding-left: 0px !important;}\u00bb][vc_column width=\u00bb1\/4&#8243; offset=\u00bbvc_col-lg-6 vc_col-md-6 vc_col-xs-12&#8243; css=\u00bb.vc_custom_1714490744414{margin-bottom: 0px !important;border-right-width: 0px !important;border-bottom-width: 0px !important;padding-top: 30px !important;padding-right: 30px !important;padding-bottom: 0px !important;padding-left: 30px !important;}\u00bb][vc_column_text css=\u00bb\u00bb]<span style=\"font-weight: 400;\">A OSNET 05, S.L. treballem per oferir-te a trav\u00e9s dels nostres productes i serveis la millor experi\u00e8ncia possibles. En alguns casos, \u00e9s necessari recavar la informaci\u00f3 per a aconseguir-ho. Ens importa la teva privacitat i creiem que hem de ser transparents al respecte.<\/span><\/p>\n<p><span style=\"font-weight: 400;\">Per aix\u00f2, i a efectes del previst al REGLAMENT (UE) 2016\/679 DEL PARLAMENT EUROPEU I DEL CONSELL de 27 d&#8217;abril de 2016 (en endavant, \u00abRGPD\u00bb) relatiu a la protecci\u00f3 de les persones f\u00edsiques en el que respecta al tractament de dades personals i a la lliure circulaci\u00f3 d&#8217;aquestes dades, i la LLEI 34\/2002, d&#8217;11 de juliol, de Serveis de la Societat de la Informaci\u00f3 i de Comer\u00e7 Electr\u00f2nic (en endavant, \u00abLSSI\u00bb,<\/span><span style=\"font-weight: 400;\"> OSNET 05, S.L. <\/span><span style=\"font-weight: 400;\">informa a l&#8217;usuari que, com responsable del tractament, incorporar\u00e0 les dades de car\u00e0cter personal facilitades pels usuaris en un fitxer automatitzat.<\/span>[\/vc_column_text][\/vc_column][vc_column width=\u00bb3\/4&#8243; offset=\u00bbvc_col-lg-6 vc_col-md-6 vc_col-xs-12&#8243; css=\u00bb.vc_custom_1714490750661{margin-bottom: 0px !important;border-top-width: 0px !important;border-bottom-width: 0px !important;padding-top: 30px !important;padding-right: 30px !important;padding-bottom: 0px !important;padding-left: 30px !important;}\u00bb][vc_column_text css=\u00bb\u00bb]<span style=\"font-weight: 400;\">El nostre comprom\u00eds comen\u00e7a per explicar-te el seg\u00fcent:<\/span><\/p>\n<ul>\n<li><span style=\"font-weight: 400;\">Es recullen les teves dades perqu\u00e8 l&#8217;experi\u00e8ncia d&#8217;usuari millori, atenent els teus interessos i necessitats.<\/span><\/li>\n<li><span style=\"font-weight: 400;\">Som transparents amb relaci\u00f3 a les dades que obtenim sobre tu i la ra\u00f3 perqu\u00e8 ho fem.<\/span><\/li>\n<li><span style=\"font-weight: 400;\">La nostra intenci\u00f3 \u00e9s oferir-te la millor experi\u00e8ncia possible. Per aix\u00f2, quan utilitzem la teva informaci\u00f3 personal ho farem sempre complint la normativa, i quan sigui necessari, sol\u00b7licitarem el teu consentiment.<\/span><\/li>\n<li><span style=\"font-weight: 400;\">Entenem que les teves dades et pertanyen. Per tant, si decideixes no autoritzar-nos a processar-les pots sol\u00b7licitar que deixem de tractar-les.<\/span><\/li>\n<li><span style=\"font-weight: 400;\">La nostra prioritat consisteix a garantir la teva seguretat i tractar les teves dades d&#8217;acord amb la normativa europea<\/span><span style=\"font-weight: 400;\">.<\/span><\/li>\n<\/ul>\n<p>[\/vc_column_text][\/vc_column][\/vc_row]<\/p>\n<\/div>","protected":false},"excerpt":{"rendered":"<p>[vc_row][vc_column width=\u00bb1\/6&#8243;][\/vc_column][vc_column width=\u00bb2\/3&#8243; css=\u00bb.vc_custom_1678797211867{margin-top: 20px !important;margin-bottom: 20px !important;}\u00bb][\/vc_column][vc_column width=\u00bb1\/6&#8243;][\/vc_column][\/vc_row][vc_row type=\u00bbvc_default\u00bb equal_height=\u00bbyes\u00bb content_placement=\u00bbtop\u00bb css=\u00bb.vc_custom_1714491168278{margin-top: 0px !important;margin-right: 0px !important;margin-bottom: 0px !important;margin-left: 0px !important;border-top-width: 2px !important;border-right-width: 2px !important;border-bottom-width: 2px !important;border-left-width: 2px !important;padding-top: 0px !important;padding-right: 0px !important;padding-bottom: 0px !important;padding-left: 0px !important;}\u00bb][vc_column width=\u00bb1\/4&#8243; offset=\u00bbvc_col-lg-6 vc_col-md-6 vc_col-xs-12&#8243; css=\u00bb.vc_custom_1714490744414{margin-bottom: 0px !important;border-right-width: 0px !important;border-bottom-width: 0px !important;padding-top: 30px !important;padding-right: 30px !important;padding-bottom: 0px !important;padding-left: 30px&hellip;<\/p>\n","protected":false},"author":2,"featured_media":0,"parent":0,"menu_order":0,"comment_status":"closed","ping_status":"closed","template":"","meta":{"inline_featured_image":false,"footnotes":""},"class_list":["post-3185","page","type-page","status-publish","hentry","description-off"],"yoast_head":"<!-- This site is optimized with the Yoast SEO plugin v23.0 - https:\/\/yoast.com\/wordpress\/plugins\/seo\/ -->\n<title>Pol\u00edtica de privacidad - Packs Center<\/title>\n<meta name=\"description\" content=\"Packs Center - packing profesional para empresas. Empaquetado y embalaje + Flow Packing completo + almacenaje y env\u00edos. Catalu\u00f1a\" \/>\n<meta name=\"robots\" content=\"index, follow, max-snippet:-1, max-image-preview:large, max-video-preview:-1\" \/>\n<link rel=\"canonical\" href=\"https:\/\/packs-center.net\/es\/politica-de-privacidad\/\" \/>\n<meta property=\"og:locale\" content=\"es_ES\" \/>\n<meta property=\"og:type\" content=\"article\" \/>\n<meta property=\"og:title\" content=\"Pol\u00edtica de privacidad - Packs Center\" \/>\n<meta property=\"og:description\" content=\"Packs Center - packing profesional para empresas. Empaquetado y embalaje + Flow Packing completo + almacenaje y env\u00edos. Catalu\u00f1a\" \/>\n<meta property=\"og:url\" content=\"https:\/\/packs-center.net\/es\/politica-de-privacidad\/\" \/>\n<meta property=\"og:site_name\" content=\"Packs Center\" \/>\n<meta property=\"article:modified_time\" content=\"2025-01-02T17:55:17+00:00\" \/>\n<meta name=\"twitter:card\" content=\"summary_large_image\" \/>\n<meta name=\"twitter:label1\" content=\"Tiempo de lectura\" \/>\n\t<meta name=\"twitter:data1\" content=\"4 minutos\" \/>\n<script type=\"application\/ld+json\" class=\"yoast-schema-graph\">{\"@context\":\"https:\/\/schema.org\",\"@graph\":[{\"@type\":\"WebPage\",\"@id\":\"https:\/\/packs-center.net\/es\/politica-de-privacidad\/\",\"url\":\"https:\/\/packs-center.net\/es\/politica-de-privacidad\/\",\"name\":\"Pol\u00edtica de privacidad - Packs Center\",\"isPartOf\":{\"@id\":\"https:\/\/packs-center.net\/es\/#website\"},\"datePublished\":\"2024-04-30T20:25:51+00:00\",\"dateModified\":\"2025-01-02T17:55:17+00:00\",\"description\":\"Packs Center - packing profesional para empresas. Empaquetado y embalaje + Flow Packing completo + almacenaje y env\u00edos. Catalu\u00f1a\",\"breadcrumb\":{\"@id\":\"https:\/\/packs-center.net\/es\/politica-de-privacidad\/#breadcrumb\"},\"inLanguage\":\"es\",\"potentialAction\":[{\"@type\":\"ReadAction\",\"target\":[\"https:\/\/packs-center.net\/es\/politica-de-privacidad\/\"]}]},{\"@type\":\"BreadcrumbList\",\"@id\":\"https:\/\/packs-center.net\/es\/politica-de-privacidad\/#breadcrumb\",\"itemListElement\":[{\"@type\":\"ListItem\",\"position\":1,\"name\":\"Inicio\",\"item\":\"https:\/\/packs-center.net\/es\/\"},{\"@type\":\"ListItem\",\"position\":2,\"name\":\"Pol\u00edtica de privacidad\"}]},{\"@type\":\"WebSite\",\"@id\":\"https:\/\/packs-center.net\/es\/#website\",\"url\":\"https:\/\/packs-center.net\/es\/\",\"name\":\"Packs Center\",\"description\":\"Packing profesional para empresas\",\"publisher\":{\"@id\":\"https:\/\/packs-center.net\/es\/#organization\"},\"potentialAction\":[{\"@type\":\"SearchAction\",\"target\":{\"@type\":\"EntryPoint\",\"urlTemplate\":\"https:\/\/packs-center.net\/es\/?s={search_term_string}\"},\"query-input\":\"required name=search_term_string\"}],\"inLanguage\":\"es\"},{\"@type\":\"Organization\",\"@id\":\"https:\/\/packs-center.net\/es\/#organization\",\"name\":\"packs center\",\"url\":\"https:\/\/packs-center.net\/es\/\",\"logo\":{\"@type\":\"ImageObject\",\"inLanguage\":\"es\",\"@id\":\"https:\/\/packs-center.net\/es\/#\/schema\/logo\/image\/\",\"url\":\"http:\/\/packs-center.net\/wp-content\/uploads\/packs.center@mo1.png\",\"contentUrl\":\"http:\/\/packs-center.net\/wp-content\/uploads\/packs.center@mo1.png\",\"width\":133,\"height\":40,\"caption\":\"packs center\"},\"image\":{\"@id\":\"https:\/\/packs-center.net\/es\/#\/schema\/logo\/image\/\"}}]}<\/script>\n<!-- \/ Yoast SEO plugin. -->","yoast_head_json":{"title":"Pol\u00edtica de privacidad - Packs Center","description":"Packs Center - packing profesional para empresas. Empaquetado y embalaje + Flow Packing completo + almacenaje y env\u00edos. Catalu\u00f1a","robots":{"index":"index","follow":"follow","max-snippet":"max-snippet:-1","max-image-preview":"max-image-preview:large","max-video-preview":"max-video-preview:-1"},"canonical":"https:\/\/packs-center.net\/es\/politica-de-privacidad\/","og_locale":"es_ES","og_type":"article","og_title":"Pol\u00edtica de privacidad - Packs Center","og_description":"Packs Center - packing profesional para empresas. Empaquetado y embalaje + Flow Packing completo + almacenaje y env\u00edos. Catalu\u00f1a","og_url":"https:\/\/packs-center.net\/es\/politica-de-privacidad\/","og_site_name":"Packs Center","article_modified_time":"2025-01-02T17:55:17+00:00","twitter_card":"summary_large_image","twitter_misc":{"Tiempo de lectura":"4 minutos"},"schema":{"@context":"https:\/\/schema.org","@graph":[{"@type":"WebPage","@id":"https:\/\/packs-center.net\/es\/politica-de-privacidad\/","url":"https:\/\/packs-center.net\/es\/politica-de-privacidad\/","name":"Pol\u00edtica de privacidad - Packs Center","isPartOf":{"@id":"https:\/\/packs-center.net\/es\/#website"},"datePublished":"2024-04-30T20:25:51+00:00","dateModified":"2025-01-02T17:55:17+00:00","description":"Packs Center - packing profesional para empresas. Empaquetado y embalaje + Flow Packing completo + almacenaje y env\u00edos. Catalu\u00f1a","breadcrumb":{"@id":"https:\/\/packs-center.net\/es\/politica-de-privacidad\/#breadcrumb"},"inLanguage":"es","potentialAction":[{"@type":"ReadAction","target":["https:\/\/packs-center.net\/es\/politica-de-privacidad\/"]}]},{"@type":"BreadcrumbList","@id":"https:\/\/packs-center.net\/es\/politica-de-privacidad\/#breadcrumb","itemListElement":[{"@type":"ListItem","position":1,"name":"Inicio","item":"https:\/\/packs-center.net\/es\/"},{"@type":"ListItem","position":2,"name":"Pol\u00edtica de privacidad"}]},{"@type":"WebSite","@id":"https:\/\/packs-center.net\/es\/#website","url":"https:\/\/packs-center.net\/es\/","name":"Packs Center","description":"Packing profesional para empresas","publisher":{"@id":"https:\/\/packs-center.net\/es\/#organization"},"potentialAction":[{"@type":"SearchAction","target":{"@type":"EntryPoint","urlTemplate":"https:\/\/packs-center.net\/es\/?s={search_term_string}"},"query-input":"required name=search_term_string"}],"inLanguage":"es"},{"@type":"Organization","@id":"https:\/\/packs-center.net\/es\/#organization","name":"packs center","url":"https:\/\/packs-center.net\/es\/","logo":{"@type":"ImageObject","inLanguage":"es","@id":"https:\/\/packs-center.net\/es\/#\/schema\/logo\/image\/","url":"http:\/\/packs-center.net\/wp-content\/uploads\/packs.center@mo1.png","contentUrl":"http:\/\/packs-center.net\/wp-content\/uploads\/packs.center@mo1.png","width":133,"height":40,"caption":"packs center"},"image":{"@id":"https:\/\/packs-center.net\/es\/#\/schema\/logo\/image\/"}}]}},"_links":{"self":[{"href":"https:\/\/packs-center.net\/es\/wp-json\/wp\/v2\/pages\/3185","targetHints":{"allow":["GET"]}}],"collection":[{"href":"https:\/\/packs-center.net\/es\/wp-json\/wp\/v2\/pages"}],"about":[{"href":"https:\/\/packs-center.net\/es\/wp-json\/wp\/v2\/types\/page"}],"author":[{"embeddable":true,"href":"https:\/\/packs-center.net\/es\/wp-json\/wp\/v2\/users\/2"}],"replies":[{"embeddable":true,"href":"https:\/\/packs-center.net\/es\/wp-json\/wp\/v2\/comments?post=3185"}],"version-history":[{"count":4,"href":"https:\/\/packs-center.net\/es\/wp-json\/wp\/v2\/pages\/3185\/revisions"}],"predecessor-version":[{"id":3218,"href":"https:\/\/packs-center.net\/es\/wp-json\/wp\/v2\/pages\/3185\/revisions\/3218"}],"wp:attachment":[{"href":"https:\/\/packs-center.net\/es\/wp-json\/wp\/v2\/media?parent=3185"}],"curies":[{"name":"wp","href":"https:\/\/api.w.org\/{rel}","templated":true}]}}